{"id":8,"date":"2024-04-30T00:52:45","date_gmt":"2024-04-30T00:52:45","guid":{"rendered":"https:\/\/korsu.fi\/?page_id=8"},"modified":"2026-04-28T12:20:07","modified_gmt":"2026-04-28T09:20:07","slug":"korsumedia","status":"publish","type":"page","link":"https:\/\/korsu.fi\/en\/korsumedia\/","title":{"rendered":"Korsumedia"},"content":{"rendered":"<div data-elementor-type=\"wp-post\" data-elementor-id=\"8\" class=\"elementor elementor-8\" data-elementor-post-type=\"page\">\n\t\t\t\t<div class=\"elementor-element elementor-element-1c21a4d e-flex e-con-boxed e-con e-parent\" data-id=\"1c21a4d\" data-element_type=\"container\" data-e-type=\"container\" data-settings=\"{&quot;background_background&quot;:&quot;classic&quot;,&quot;shape_divider_bottom&quot;:&quot;pyramids&quot;}\">\n\t\t\t\t\t<div class=\"e-con-inner\">\n\t\t\t\t<div class=\"elementor-shape elementor-shape-bottom\" aria-hidden=\"true\" data-negative=\"false\">\n\t\t\t<svg xmlns=\"http:\/\/www.w3.org\/2000\/svg\" viewbox=\"0 0 1000 100\" preserveaspectratio=\"none\">\n\t<path class=\"elementor-shape-fill\" d=\"M761.9,44.1L643.1,27.2L333.8,98L0,3.8V0l1000,0v3.9\"\/>\n<\/svg>\t\t<\/div>\n\t\t<div class=\"elementor-element elementor-element-ea1fdf3 e-flex e-con-boxed e-con e-child\" data-id=\"ea1fdf3\" data-element_type=\"container\" data-e-type=\"container\">\n\t\t\t\t\t<div class=\"e-con-inner\">\n\t\t<div class=\"elementor-element elementor-element-7e72948 e-flex e-con-boxed e-con e-child\" data-id=\"7e72948\" data-element_type=\"container\" data-e-type=\"container\">\n\t\t\t\t\t<div class=\"e-con-inner\">\n\t\t\t\t<div class=\"elementor-element elementor-element-0c1a71e elementor-widget__width-initial elementor-widget elementor-widget-heading\" data-id=\"0c1a71e\" data-element_type=\"widget\" data-e-type=\"widget\" data-widget_type=\"heading.default\">\n\t\t\t\t<div class=\"elementor-widget-container\">\n\t\t\t\t\t<h2 class=\"elementor-heading-title elementor-size-default\">Korsu <span style=\"color:#EA4600\">\u00bb<\/span><\/h2>\t\t\t\t<\/div>\n\t\t\t\t<\/div>\n\t\t\t\t<div class=\"elementor-element elementor-element-caaa8c3 elementor-widget__width-auto elementor-widget elementor-widget-heading\" data-id=\"caaa8c3\" data-element_type=\"widget\" data-e-type=\"widget\" data-widget_type=\"heading.default\">\n\t\t\t\t<div class=\"elementor-widget-container\">\n\t\t\t\t\t<h2 class=\"elementor-heading-title elementor-size-default\">Korsumedia<\/h2>\t\t\t\t<\/div>\n\t\t\t\t<\/div>\n\t\t\t\t\t<\/div>\n\t\t\t\t<\/div>\n\t\t\t\t\t<\/div>\n\t\t\t\t<\/div>\n\t\t\t\t\t<\/div>\n\t\t\t\t<\/div>\n\t\t<div class=\"elementor-element elementor-element-1276f52 e-con-full e-flex e-con e-parent\" data-id=\"1276f52\" data-element_type=\"container\" data-e-type=\"container\">\n\t\t\t\t<div class=\"elementor-element elementor-element-8dc0ad8 elementor-posts--align-left elementor-grid-3 elementor-grid-tablet-2 elementor-grid-mobile-1 elementor-posts--thumbnail-top elementor-posts__hover-gradient elementor-widget elementor-widget-posts\" data-id=\"8dc0ad8\" data-element_type=\"widget\" data-e-type=\"widget\" data-settings=\"{&quot;cards_row_gap_mobile&quot;:{&quot;unit&quot;:&quot;px&quot;,&quot;size&quot;:11,&quot;sizes&quot;:[]},&quot;cards_columns&quot;:&quot;3&quot;,&quot;cards_columns_tablet&quot;:&quot;2&quot;,&quot;cards_columns_mobile&quot;:&quot;1&quot;,&quot;cards_row_gap&quot;:{&quot;unit&quot;:&quot;px&quot;,&quot;size&quot;:35,&quot;sizes&quot;:[]},&quot;cards_row_gap_tablet&quot;:{&quot;unit&quot;:&quot;px&quot;,&quot;size&quot;:&quot;&quot;,&quot;sizes&quot;:[]}}\" data-widget_type=\"posts.cards\">\n\t\t\t\t<div class=\"elementor-widget-container\">\n\t\t\t\t\t\t\t<div class=\"elementor-posts-container elementor-posts elementor-posts--skin-cards elementor-grid\" role=\"list\">\n\t\t\t\t<article class=\"elementor-post elementor-grid-item post-1609 post type-post status-publish format-standard has-post-thumbnail hentry category-artikkelit\" role=\"listitem\">\n\t\t\t<div class=\"elementor-post__card\">\n\t\t\t\t<a class=\"elementor-post__thumbnail__link\" href=\"https:\/\/korsu.fi\/en\/artikkelit\/luotettavasti-perille-koko-perheen-liikenneturvallisuuspaiva-korsun-pihalla-helatorstaina-14-5-2026-klo-10-15\/\" tabindex=\"-1\" ><div class=\"elementor-post__thumbnail\"><img fetchpriority=\"high\" decoding=\"async\" width=\"800\" height=\"450\" src=\"https:\/\/korsu.fi\/wp-content\/uploads\/2026\/04\/Haastattelu-rekkapiste-1024x576.jpeg\" class=\"attachment-large size-large wp-image-1610\" alt=\"\" srcset=\"https:\/\/korsu.fi\/wp-content\/uploads\/2026\/04\/Haastattelu-rekkapiste-1024x576.jpeg 1024w, https:\/\/korsu.fi\/wp-content\/uploads\/2026\/04\/Haastattelu-rekkapiste-300x169.jpeg 300w, https:\/\/korsu.fi\/wp-content\/uploads\/2026\/04\/Haastattelu-rekkapiste-768x432.jpeg 768w, https:\/\/korsu.fi\/wp-content\/uploads\/2026\/04\/Haastattelu-rekkapiste-18x10.jpeg 18w, https:\/\/korsu.fi\/wp-content\/uploads\/2026\/04\/Haastattelu-rekkapiste.jpeg 1280w\" sizes=\"(max-width: 800px) 100vw, 800px\" \/><\/div><\/a>\n\t\t\t\t<div class=\"elementor-post__text\">\n\t\t\t\t<h3 class=\"elementor-post__title\">\n\t\t\t<a href=\"https:\/\/korsu.fi\/en\/artikkelit\/luotettavasti-perille-koko-perheen-liikenneturvallisuuspaiva-korsun-pihalla-helatorstaina-14-5-2026-klo-10-15\/\" >\n\t\t\t\tKoko perheen liikenneturvallisuusp\u00e4iv\u00e4 Korsun pihalla helatorstaina 14.5.2026 klo 10\u201315\t\t\t<\/a>\n\t\t<\/h3>\n\t\t\n\t\t<a class=\"elementor-post__read-more\" href=\"https:\/\/korsu.fi\/en\/artikkelit\/luotettavasti-perille-koko-perheen-liikenneturvallisuuspaiva-korsun-pihalla-helatorstaina-14-5-2026-klo-10-15\/\" aria-label=\"Read more about Koko perheen liikenneturvallisuusp\u00e4iv\u00e4 Korsun pihalla helatorstaina 14.5.2026 klo 10\u201315\" tabindex=\"-1\" >\n\t\t\tRead more  \u00bb\t\t<\/a>\n\n\t\t\t\t<\/div>\n\t\t\t\t<div class=\"elementor-post__meta-data\">\n\t\t\t\t\t<span class=\"elementor-post-date\">\n\t\t\t01.04.2026\t\t<\/span>\n\t\t\t\t<\/div>\n\t\t\t\t\t<\/div>\n\t\t<\/article>\n\t\t\t\t<article class=\"elementor-post elementor-grid-item post-1224 post type-post status-publish format-standard has-post-thumbnail hentry category-artikkelit\" role=\"listitem\">\n\t\t\t<div class=\"elementor-post__card\">\n\t\t\t\t<a class=\"elementor-post__thumbnail__link\" href=\"https:\/\/korsu.fi\/en\/artikkelit\/korsu-oy-on-ostanut-tkh-logistics-oyn-liiketoiminnan\/\" tabindex=\"-1\" ><div class=\"elementor-post__thumbnail\"><img decoding=\"async\" width=\"800\" height=\"560\" src=\"https:\/\/korsu.fi\/wp-content\/uploads\/2025\/12\/image0-5-1024x717.jpeg\" class=\"attachment-large size-large wp-image-1227\" alt=\"\" srcset=\"https:\/\/korsu.fi\/wp-content\/uploads\/2025\/12\/image0-5-1024x717.jpeg 1024w, https:\/\/korsu.fi\/wp-content\/uploads\/2025\/12\/image0-5-300x210.jpeg 300w, https:\/\/korsu.fi\/wp-content\/uploads\/2025\/12\/image0-5-768x538.jpeg 768w, https:\/\/korsu.fi\/wp-content\/uploads\/2025\/12\/image0-5-18x12.jpeg 18w, https:\/\/korsu.fi\/wp-content\/uploads\/2025\/12\/image0-5.jpeg 1500w\" sizes=\"(max-width: 800px) 100vw, 800px\" \/><\/div><\/a>\n\t\t\t\t<div class=\"elementor-post__text\">\n\t\t\t\t<h3 class=\"elementor-post__title\">\n\t\t\t<a href=\"https:\/\/korsu.fi\/en\/artikkelit\/korsu-oy-on-ostanut-tkh-logistics-oyn-liiketoiminnan\/\" >\n\t\t\t\tTKH-Logistics Oy on ostanut Korsun merikonttiliiketoiminnan\t\t\t<\/a>\n\t\t<\/h3>\n\t\t\n\t\t<a class=\"elementor-post__read-more\" href=\"https:\/\/korsu.fi\/en\/artikkelit\/korsu-oy-on-ostanut-tkh-logistics-oyn-liiketoiminnan\/\" aria-label=\"Read more about TKH-Logistics Oy on ostanut Korsun merikonttiliiketoiminnan\" tabindex=\"-1\" >\n\t\t\tRead more  \u00bb\t\t<\/a>\n\n\t\t\t\t<\/div>\n\t\t\t\t<div class=\"elementor-post__meta-data\">\n\t\t\t\t\t<span class=\"elementor-post-date\">\n\t\t\t23.12.2025\t\t<\/span>\n\t\t\t\t<\/div>\n\t\t\t\t\t<\/div>\n\t\t<\/article>\n\t\t\t\t<article class=\"elementor-post elementor-grid-item post-1210 post type-post status-publish format-standard has-post-thumbnail hentry category-artikkelit\" role=\"listitem\">\n\t\t\t<div class=\"elementor-post__card\">\n\t\t\t\t<a class=\"elementor-post__thumbnail__link\" href=\"https:\/\/korsu.fi\/en\/artikkelit\/pentti-keski-korsu-1932-2025\/\" tabindex=\"-1\" ><div class=\"elementor-post__thumbnail\"><img decoding=\"async\" width=\"800\" height=\"450\" src=\"https:\/\/korsu.fi\/wp-content\/uploads\/2025\/10\/pentti-keski-korsu-uutinen-1024x576.jpg\" class=\"attachment-large size-large wp-image-1211\" alt=\"\" srcset=\"https:\/\/korsu.fi\/wp-content\/uploads\/2025\/10\/pentti-keski-korsu-uutinen-1024x576.jpg 1024w, https:\/\/korsu.fi\/wp-content\/uploads\/2025\/10\/pentti-keski-korsu-uutinen-300x169.jpg 300w, https:\/\/korsu.fi\/wp-content\/uploads\/2025\/10\/pentti-keski-korsu-uutinen-768x432.jpg 768w, https:\/\/korsu.fi\/wp-content\/uploads\/2025\/10\/pentti-keski-korsu-uutinen-1536x864.jpg 1536w, https:\/\/korsu.fi\/wp-content\/uploads\/2025\/10\/pentti-keski-korsu-uutinen-18x10.jpg 18w, https:\/\/korsu.fi\/wp-content\/uploads\/2025\/10\/pentti-keski-korsu-uutinen.jpg 1920w\" sizes=\"(max-width: 800px) 100vw, 800px\" \/><\/div><\/a>\n\t\t\t\t<div class=\"elementor-post__text\">\n\t\t\t\t<h3 class=\"elementor-post__title\">\n\t\t\t<a href=\"https:\/\/korsu.fi\/en\/artikkelit\/pentti-keski-korsu-1932-2025\/\" >\n\t\t\t\tPentti Keski-Korsu (1932\u20132025)\t\t\t<\/a>\n\t\t<\/h3>\n\t\t\n\t\t<a class=\"elementor-post__read-more\" href=\"https:\/\/korsu.fi\/en\/artikkelit\/pentti-keski-korsu-1932-2025\/\" aria-label=\"Read more about Pentti Keski-Korsu (1932\u20132025)\" tabindex=\"-1\" >\n\t\t\tRead more  \u00bb\t\t<\/a>\n\n\t\t\t\t<\/div>\n\t\t\t\t<div class=\"elementor-post__meta-data\">\n\t\t\t\t\t<span class=\"elementor-post-date\">\n\t\t\t11.10.2025\t\t<\/span>\n\t\t\t\t<\/div>\n\t\t\t\t\t<\/div>\n\t\t<\/article>\n\t\t\t\t<article class=\"elementor-post elementor-grid-item post-1204 post type-post status-publish format-standard has-post-thumbnail hentry category-artikkelit\" role=\"listitem\">\n\t\t\t<div class=\"elementor-post__card\">\n\t\t\t\t<a class=\"elementor-post__thumbnail__link\" href=\"https:\/\/korsu.fi\/en\/artikkelit\/korsu-oy-vahvistaa-asemaansa-ostaa-sorhei-kuljetus-oyn-kuivabulk-liiketoiminnan\/\" tabindex=\"-1\" ><div class=\"elementor-post__thumbnail\"><img loading=\"lazy\" decoding=\"async\" width=\"800\" height=\"534\" src=\"https:\/\/korsu.fi\/wp-content\/uploads\/2025\/10\/IMG_9555-1024x683.jpeg\" class=\"attachment-large size-large wp-image-1205\" alt=\"\" srcset=\"https:\/\/korsu.fi\/wp-content\/uploads\/2025\/10\/IMG_9555-1024x683.jpeg 1024w, https:\/\/korsu.fi\/wp-content\/uploads\/2025\/10\/IMG_9555-300x200.jpeg 300w, https:\/\/korsu.fi\/wp-content\/uploads\/2025\/10\/IMG_9555-768x512.jpeg 768w, https:\/\/korsu.fi\/wp-content\/uploads\/2025\/10\/IMG_9555-18x12.jpeg 18w, https:\/\/korsu.fi\/wp-content\/uploads\/2025\/10\/IMG_9555.jpeg 1290w\" sizes=\"(max-width: 800px) 100vw, 800px\" \/><\/div><\/a>\n\t\t\t\t<div class=\"elementor-post__text\">\n\t\t\t\t<h3 class=\"elementor-post__title\">\n\t\t\t<a href=\"https:\/\/korsu.fi\/en\/artikkelit\/korsu-oy-vahvistaa-asemaansa-ostaa-sorhei-kuljetus-oyn-kuivabulk-liiketoiminnan\/\" >\n\t\t\t\tKorsu Oy vahvistaa asemaansa \u2013 ostaa Sorhei-Kuljetus Oy:n kuivabulk-liiketoiminnan\t\t\t<\/a>\n\t\t<\/h3>\n\t\t\n\t\t<a class=\"elementor-post__read-more\" href=\"https:\/\/korsu.fi\/en\/artikkelit\/korsu-oy-vahvistaa-asemaansa-ostaa-sorhei-kuljetus-oyn-kuivabulk-liiketoiminnan\/\" aria-label=\"Read more about Korsu Oy vahvistaa asemaansa \u2013 ostaa Sorhei-Kuljetus Oy:n kuivabulk-liiketoiminnan\" tabindex=\"-1\" >\n\t\t\tRead more  \u00bb\t\t<\/a>\n\n\t\t\t\t<\/div>\n\t\t\t\t<div class=\"elementor-post__meta-data\">\n\t\t\t\t\t<span class=\"elementor-post-date\">\n\t\t\t02.10.2025\t\t<\/span>\n\t\t\t\t<\/div>\n\t\t\t\t\t<\/div>\n\t\t<\/article>\n\t\t\t\t<article class=\"elementor-post elementor-grid-item post-1145 post type-post status-publish format-standard has-post-thumbnail hentry category-artikkelit\" role=\"listitem\">\n\t\t\t<div class=\"elementor-post__card\">\n\t\t\t\t<a class=\"elementor-post__thumbnail__link\" href=\"https:\/\/korsu.fi\/en\/artikkelit\/aurinko-helli-korsun-liikenneturvallisuuspaivassa\/\" tabindex=\"-1\" ><div class=\"elementor-post__thumbnail\"><img loading=\"lazy\" decoding=\"async\" width=\"800\" height=\"450\" src=\"https:\/\/korsu.fi\/wp-content\/uploads\/2025\/06\/654645-1024x576.jpg\" class=\"attachment-large size-large wp-image-1147\" alt=\"\" srcset=\"https:\/\/korsu.fi\/wp-content\/uploads\/2025\/06\/654645-1024x576.jpg 1024w, https:\/\/korsu.fi\/wp-content\/uploads\/2025\/06\/654645-300x169.jpg 300w, https:\/\/korsu.fi\/wp-content\/uploads\/2025\/06\/654645-768x432.jpg 768w, https:\/\/korsu.fi\/wp-content\/uploads\/2025\/06\/654645-1536x864.jpg 1536w, https:\/\/korsu.fi\/wp-content\/uploads\/2025\/06\/654645-2048x1152.jpg 2048w, https:\/\/korsu.fi\/wp-content\/uploads\/2025\/06\/654645-18x10.jpg 18w\" sizes=\"(max-width: 800px) 100vw, 800px\" \/><\/div><\/a>\n\t\t\t\t<div class=\"elementor-post__text\">\n\t\t\t\t<h3 class=\"elementor-post__title\">\n\t\t\t<a href=\"https:\/\/korsu.fi\/en\/artikkelit\/aurinko-helli-korsun-liikenneturvallisuuspaivassa\/\" >\n\t\t\t\tAurinko helli Korsun liikenneturvallisuusp\u00e4iv\u00e4ss\u00e4\t\t\t<\/a>\n\t\t<\/h3>\n\t\t\n\t\t<a class=\"elementor-post__read-more\" href=\"https:\/\/korsu.fi\/en\/artikkelit\/aurinko-helli-korsun-liikenneturvallisuuspaivassa\/\" aria-label=\"Read more about Aurinko helli Korsun liikenneturvallisuusp\u00e4iv\u00e4ss\u00e4\" tabindex=\"-1\" >\n\t\t\tRead more  \u00bb\t\t<\/a>\n\n\t\t\t\t<\/div>\n\t\t\t\t<div class=\"elementor-post__meta-data\">\n\t\t\t\t\t<span class=\"elementor-post-date\">\n\t\t\t06.06.2025\t\t<\/span>\n\t\t\t\t<\/div>\n\t\t\t\t\t<\/div>\n\t\t<\/article>\n\t\t\t\t<article class=\"elementor-post elementor-grid-item post-1123 post type-post status-publish format-standard has-post-thumbnail hentry category-artikkelit\" role=\"listitem\">\n\t\t\t<div class=\"elementor-post__card\">\n\t\t\t\t<a class=\"elementor-post__thumbnail__link\" href=\"https:\/\/korsu.fi\/en\/artikkelit\/koko-perheen-liikenneturvallisuuspaiva-korsulla-helatorstaina-29-5-2025\/\" tabindex=\"-1\" ><div class=\"elementor-post__thumbnail\"><img loading=\"lazy\" decoding=\"async\" width=\"800\" height=\"567\" src=\"https:\/\/korsu.fi\/wp-content\/uploads\/2025\/04\/korsu-liikenneturvallisuuspaiva2025-254x180mm-1-1024x726.png\" class=\"attachment-large size-large wp-image-1138\" alt=\"\" srcset=\"https:\/\/korsu.fi\/wp-content\/uploads\/2025\/04\/korsu-liikenneturvallisuuspaiva2025-254x180mm-1-1024x726.png 1024w, https:\/\/korsu.fi\/wp-content\/uploads\/2025\/04\/korsu-liikenneturvallisuuspaiva2025-254x180mm-1-300x213.png 300w, https:\/\/korsu.fi\/wp-content\/uploads\/2025\/04\/korsu-liikenneturvallisuuspaiva2025-254x180mm-1-768x544.png 768w, https:\/\/korsu.fi\/wp-content\/uploads\/2025\/04\/korsu-liikenneturvallisuuspaiva2025-254x180mm-1-18x12.png 18w, https:\/\/korsu.fi\/wp-content\/uploads\/2025\/04\/korsu-liikenneturvallisuuspaiva2025-254x180mm-1.png 1500w\" sizes=\"(max-width: 800px) 100vw, 800px\" \/><\/div><\/a>\n\t\t\t\t<div class=\"elementor-post__text\">\n\t\t\t\t<h3 class=\"elementor-post__title\">\n\t\t\t<a href=\"https:\/\/korsu.fi\/en\/artikkelit\/koko-perheen-liikenneturvallisuuspaiva-korsulla-helatorstaina-29-5-2025\/\" >\n\t\t\t\tKoko perheen liikenneturvallisuusp\u00e4iv\u00e4 Korsulla helatorstaina 29.5.2025\t\t\t<\/a>\n\t\t<\/h3>\n\t\t\n\t\t<a class=\"elementor-post__read-more\" href=\"https:\/\/korsu.fi\/en\/artikkelit\/koko-perheen-liikenneturvallisuuspaiva-korsulla-helatorstaina-29-5-2025\/\" aria-label=\"Read more about Koko perheen liikenneturvallisuusp\u00e4iv\u00e4 Korsulla helatorstaina 29.5.2025\" tabindex=\"-1\" >\n\t\t\tRead more  \u00bb\t\t<\/a>\n\n\t\t\t\t<\/div>\n\t\t\t\t<div class=\"elementor-post__meta-data\">\n\t\t\t\t\t<span class=\"elementor-post-date\">\n\t\t\t14.04.2025\t\t<\/span>\n\t\t\t\t<\/div>\n\t\t\t\t\t<\/div>\n\t\t<\/article>\n\t\t\t\t<\/div>\n\t\t\n\t\t\t\t\t\t<\/div>\n\t\t\t\t<\/div>\n\t\t\t\t<\/div>\n\t\t<div class=\"elementor-element elementor-element-88e475f e-con-full e-flex e-con e-parent\" data-id=\"88e475f\" data-element_type=\"container\" data-e-type=\"container\" data-settings=\"{&quot;background_background&quot;:&quot;classic&quot;}\">\n\t\t\t\t<div class=\"elementor-element elementor-element-23848a5 elementor-widget__width-initial elementor-widget-mobile__width-inherit elementor-widget elementor-widget-heading\" data-id=\"23848a5\" data-element_type=\"widget\" data-e-type=\"widget\" data-widget_type=\"heading.default\">\n\t\t\t\t<div class=\"elementor-widget-container\">\n\t\t\t\t\t<h2 class=\"elementor-heading-title elementor-size-default\">Questions or feedback?<\/h2>\t\t\t\t<\/div>\n\t\t\t\t<\/div>\n\t\t\t\t<div class=\"elementor-element elementor-element-a507627 elementor-align-center elementor-mobile-align-center elementor-tablet-align-left elementor-widget elementor-widget-button\" data-id=\"a507627\" data-element_type=\"widget\" data-e-type=\"widget\" data-widget_type=\"button.default\">\n\t\t\t\t<div class=\"elementor-widget-container\">\n\t\t\t\t\t\t\t\t\t<div class=\"elementor-button-wrapper\">\n\t\t\t\t\t<a class=\"elementor-button elementor-button-link elementor-size-sm\" href=\"\/en\/yhteystiedot\/\">\n\t\t\t\t\t\t<span class=\"elementor-button-content-wrapper\">\n\t\t\t\t\t\t\t\t\t<span class=\"elementor-button-text\">Contact us \u00bb<\/span>\n\t\t\t\t\t<\/span>\n\t\t\t\t\t<\/a>\n\t\t\t\t<\/div>\n\t\t\t\t\t\t\t\t<\/div>\n\t\t\t\t<\/div>\n\t\t\t\t<\/div>\n\t\t\t\t<\/div>","protected":false},"excerpt":{"rendered":"<p>Korsu \u00bb Korsumedia Kysymyksi\u00e4 tai palautetta? Ota yhteytt\u00e4 \u00bb<\/p>","protected":false},"author":1,"featured_media":0,"parent":0,"menu_order":0,"comment_status":"closed","ping_status":"closed","template":"","meta":{"_acf_changed":false,"footnotes":""},"class_list":["post-8","page","type-page","status-publish","hentry"],"acf":[],"yoast_head":"<!-- This site is optimized with the Yoast SEO plugin v27.4 - https:\/\/yoast.com\/product\/yoast-seo-wordpress\/ -->\n<title>Korsumedia &#187; Korsu &#187; Luotettavasti perille<\/title>\n<meta name=\"description\" content=\"Tutustu Korsun omaan podcastiin ja uutisiin. Podcastissa tutustutaan yrityksen historiaan sek\u00e4 kuljetusyrityksen arkeen nykyp\u00e4iv\u00e4n\u00e4.\" \/>\n<meta name=\"robots\" content=\"index, follow, max-snippet:-1, max-image-preview:large, max-video-preview:-1\" \/>\n<link rel=\"canonical\" href=\"https:\/\/korsu.fi\/en\/korsumedia\/\" \/>\n<meta property=\"og:locale\" content=\"en_US\" \/>\n<meta property=\"og:type\" content=\"article\" \/>\n<meta property=\"og:title\" content=\"Korsumedia &#187; Korsu &#187; Luotettavasti perille\" \/>\n<meta property=\"og:description\" content=\"Tutustu Korsun omaan podcastiin ja uutisiin. Podcastissa tutustutaan yrityksen historiaan sek\u00e4 kuljetusyrityksen arkeen nykyp\u00e4iv\u00e4n\u00e4.\" \/>\n<meta property=\"og:url\" content=\"https:\/\/korsu.fi\/en\/korsumedia\/\" \/>\n<meta property=\"og:site_name\" content=\"Korsu\" \/>\n<meta property=\"article:publisher\" content=\"https:\/\/www.facebook.com\/korsuoy\" \/>\n<meta property=\"article:modified_time\" content=\"2026-04-28T09:20:07+00:00\" \/>\n<meta property=\"og:image\" content=\"https:\/\/korsu.fi\/wp-content\/uploads\/2024\/05\/korsu-og-kuva.jpg\" \/>\n\t<meta property=\"og:image:width\" content=\"1200\" \/>\n\t<meta property=\"og:image:height\" content=\"675\" \/>\n\t<meta property=\"og:image:type\" content=\"image\/jpeg\" \/>\n<meta name=\"twitter:card\" content=\"summary_large_image\" \/>\n<meta name=\"twitter:label1\" content=\"Est. reading time\" \/>\n\t<meta name=\"twitter:data1\" content=\"2 minutes\" \/>\n<script type=\"application\/ld+json\" class=\"yoast-schema-graph\">{\"@context\":\"https:\\\/\\\/schema.org\",\"@graph\":[{\"@type\":\"WebPage\",\"@id\":\"https:\\\/\\\/korsu.fi\\\/korsumedia\\\/\",\"url\":\"https:\\\/\\\/korsu.fi\\\/korsumedia\\\/\",\"name\":\"Korsumedia &#187; Korsu &#187; Luotettavasti perille\",\"isPartOf\":{\"@id\":\"https:\\\/\\\/korsu.fi\\\/#website\"},\"datePublished\":\"2024-04-30T00:52:45+00:00\",\"dateModified\":\"2026-04-28T09:20:07+00:00\",\"description\":\"Tutustu Korsun omaan podcastiin ja uutisiin. Podcastissa tutustutaan yrityksen historiaan sek\u00e4 kuljetusyrityksen arkeen nykyp\u00e4iv\u00e4n\u00e4.\",\"breadcrumb\":{\"@id\":\"https:\\\/\\\/korsu.fi\\\/korsumedia\\\/#breadcrumb\"},\"inLanguage\":\"en-US\",\"potentialAction\":[{\"@type\":\"ReadAction\",\"target\":[\"https:\\\/\\\/korsu.fi\\\/korsumedia\\\/\"]}]},{\"@type\":\"BreadcrumbList\",\"@id\":\"https:\\\/\\\/korsu.fi\\\/korsumedia\\\/#breadcrumb\",\"itemListElement\":[{\"@type\":\"ListItem\",\"position\":1,\"name\":\"Etusivu\",\"item\":\"https:\\\/\\\/korsu.fi\\\/\"},{\"@type\":\"ListItem\",\"position\":2,\"name\":\"Korsumedia\"}]},{\"@type\":\"WebSite\",\"@id\":\"https:\\\/\\\/korsu.fi\\\/#website\",\"url\":\"https:\\\/\\\/korsu.fi\\\/\",\"name\":\"Korsu\",\"description\":\"Luotettavasti perille\",\"publisher\":{\"@id\":\"https:\\\/\\\/korsu.fi\\\/#organization\"},\"potentialAction\":[{\"@type\":\"SearchAction\",\"target\":{\"@type\":\"EntryPoint\",\"urlTemplate\":\"https:\\\/\\\/korsu.fi\\\/?s={search_term_string}\"},\"query-input\":{\"@type\":\"PropertyValueSpecification\",\"valueRequired\":true,\"valueName\":\"search_term_string\"}}],\"inLanguage\":\"en-US\"},{\"@type\":\"Organization\",\"@id\":\"https:\\\/\\\/korsu.fi\\\/#organization\",\"name\":\"Korsu\",\"url\":\"https:\\\/\\\/korsu.fi\\\/\",\"logo\":{\"@type\":\"ImageObject\",\"inLanguage\":\"en-US\",\"@id\":\"https:\\\/\\\/korsu.fi\\\/#\\\/schema\\\/logo\\\/image\\\/\",\"url\":\"https:\\\/\\\/korsu.fi\\\/wp-content\\\/uploads\\\/2024\\\/04\\\/ylalogo-3-2.png\",\"contentUrl\":\"https:\\\/\\\/korsu.fi\\\/wp-content\\\/uploads\\\/2024\\\/04\\\/ylalogo-3-2.png\",\"width\":950,\"height\":294,\"caption\":\"Korsu\"},\"image\":{\"@id\":\"https:\\\/\\\/korsu.fi\\\/#\\\/schema\\\/logo\\\/image\\\/\"},\"sameAs\":[\"https:\\\/\\\/www.facebook.com\\\/korsuoy\",\"https:\\\/\\\/www.instagram.com\\\/korsuoy\",\"https:\\\/\\\/www.youtube.com\\\/@Korsu1923\",\"https:\\\/\\\/open.spotify.com\\\/show\\\/3AMoRqTdJvU69zLBS38NXv?si=1ndd13lGQSCTsMgyShEEPw\",\"https:\\\/\\\/www.linkedin.com\\\/company\\\/korsu-oy\"]}]}<\/script>\n<!-- \/ Yoast SEO plugin. -->","yoast_head_json":{"title":"Korsumedia &#187; Korsu &#187; Luotettavasti perille","description":"Tutustu Korsun omaan podcastiin ja uutisiin. Podcastissa tutustutaan yrityksen historiaan sek\u00e4 kuljetusyrityksen arkeen nykyp\u00e4iv\u00e4n\u00e4.","robots":{"index":"index","follow":"follow","max-snippet":"max-snippet:-1","max-image-preview":"max-image-preview:large","max-video-preview":"max-video-preview:-1"},"canonical":"https:\/\/korsu.fi\/en\/korsumedia\/","og_locale":"en_US","og_type":"article","og_title":"Korsumedia &#187; Korsu &#187; Luotettavasti perille","og_description":"Tutustu Korsun omaan podcastiin ja uutisiin. Podcastissa tutustutaan yrityksen historiaan sek\u00e4 kuljetusyrityksen arkeen nykyp\u00e4iv\u00e4n\u00e4.","og_url":"https:\/\/korsu.fi\/en\/korsumedia\/","og_site_name":"Korsu","article_publisher":"https:\/\/www.facebook.com\/korsuoy","article_modified_time":"2026-04-28T09:20:07+00:00","og_image":[{"width":1200,"height":675,"url":"https:\/\/korsu.fi\/wp-content\/uploads\/2024\/05\/korsu-og-kuva.jpg","type":"image\/jpeg"}],"twitter_card":"summary_large_image","twitter_misc":{"Est. reading time":"2 minutes"},"schema":{"@context":"https:\/\/schema.org","@graph":[{"@type":"WebPage","@id":"https:\/\/korsu.fi\/korsumedia\/","url":"https:\/\/korsu.fi\/korsumedia\/","name":"Korsumedia &#187; Korsu &#187; Luotettavasti perille","isPartOf":{"@id":"https:\/\/korsu.fi\/#website"},"datePublished":"2024-04-30T00:52:45+00:00","dateModified":"2026-04-28T09:20:07+00:00","description":"Tutustu Korsun omaan podcastiin ja uutisiin. Podcastissa tutustutaan yrityksen historiaan sek\u00e4 kuljetusyrityksen arkeen nykyp\u00e4iv\u00e4n\u00e4.","breadcrumb":{"@id":"https:\/\/korsu.fi\/korsumedia\/#breadcrumb"},"inLanguage":"en-US","potentialAction":[{"@type":"ReadAction","target":["https:\/\/korsu.fi\/korsumedia\/"]}]},{"@type":"BreadcrumbList","@id":"https:\/\/korsu.fi\/korsumedia\/#breadcrumb","itemListElement":[{"@type":"ListItem","position":1,"name":"Etusivu","item":"https:\/\/korsu.fi\/"},{"@type":"ListItem","position":2,"name":"Korsumedia"}]},{"@type":"WebSite","@id":"https:\/\/korsu.fi\/#website","url":"https:\/\/korsu.fi\/","name":"Korsu","description":"ALL THE WAY RELIABLE","publisher":{"@id":"https:\/\/korsu.fi\/#organization"},"potentialAction":[{"@type":"SearchAction","target":{"@type":"EntryPoint","urlTemplate":"https:\/\/korsu.fi\/?s={search_term_string}"},"query-input":{"@type":"PropertyValueSpecification","valueRequired":true,"valueName":"search_term_string"}}],"inLanguage":"en-US"},{"@type":"Organization","@id":"https:\/\/korsu.fi\/#organization","name":"Korsu","url":"https:\/\/korsu.fi\/","logo":{"@type":"ImageObject","inLanguage":"en-US","@id":"https:\/\/korsu.fi\/#\/schema\/logo\/image\/","url":"https:\/\/korsu.fi\/wp-content\/uploads\/2024\/04\/ylalogo-3-2.png","contentUrl":"https:\/\/korsu.fi\/wp-content\/uploads\/2024\/04\/ylalogo-3-2.png","width":950,"height":294,"caption":"Korsu"},"image":{"@id":"https:\/\/korsu.fi\/#\/schema\/logo\/image\/"},"sameAs":["https:\/\/www.facebook.com\/korsuoy","https:\/\/www.instagram.com\/korsuoy","https:\/\/www.youtube.com\/@Korsu1923","https:\/\/open.spotify.com\/show\/3AMoRqTdJvU69zLBS38NXv?si=1ndd13lGQSCTsMgyShEEPw","https:\/\/www.linkedin.com\/company\/korsu-oy"]}]}},"_links":{"self":[{"href":"https:\/\/korsu.fi\/en\/wp-json\/wp\/v2\/pages\/8","targetHints":{"allow":["GET"]}}],"collection":[{"href":"https:\/\/korsu.fi\/en\/wp-json\/wp\/v2\/pages"}],"about":[{"href":"https:\/\/korsu.fi\/en\/wp-json\/wp\/v2\/types\/page"}],"author":[{"embeddable":true,"href":"https:\/\/korsu.fi\/en\/wp-json\/wp\/v2\/users\/1"}],"replies":[{"embeddable":true,"href":"https:\/\/korsu.fi\/en\/wp-json\/wp\/v2\/comments?post=8"}],"version-history":[{"count":92,"href":"https:\/\/korsu.fi\/en\/wp-json\/wp\/v2\/pages\/8\/revisions"}],"predecessor-version":[{"id":1626,"href":"https:\/\/korsu.fi\/en\/wp-json\/wp\/v2\/pages\/8\/revisions\/1626"}],"wp:attachment":[{"href":"https:\/\/korsu.fi\/en\/wp-json\/wp\/v2\/media?parent=8"}],"curies":[{"name":"wp","href":"https:\/\/api.w.org\/{rel}","templated":true}]}}